{"id":61,"date":"2021-04-09T23:39:46","date_gmt":"2021-04-09T21:39:46","guid":{"rendered":"https:\/\/sandra.dst-org.de\/?page_id=61"},"modified":"2024-06-21T12:55:04","modified_gmt":"2024-06-21T10:55:04","slug":"fahrtgebiete","status":"publish","type":"page","link":"https:\/\/sandra.dst-org.de\/index.php\/fahrtgebiete\/","title":{"rendered":"Fahrtgebiete"},"content":{"rendered":"\t\t<div data-elementor-type=\"wp-page\" data-elementor-id=\"61\" class=\"elementor elementor-61\" data-elementor-post-type=\"page\">\n\t\t\t\t\t\t<section class=\"elementor-section elementor-top-section elementor-element elementor-element-56daaee elementor-section-boxed elementor-section-height-default elementor-section-height-default\" data-id=\"56daaee\" data-element_type=\"section\" data-e-type=\"section\">\n\t\t\t\t\t\t<div class=\"elementor-container elementor-column-gap-default\">\n\t\t\t\t\t<div class=\"elementor-column elementor-col-100 elementor-top-column elementor-element elementor-element-7f5fb79\" data-id=\"7f5fb79\" data-element_type=\"column\" data-e-type=\"column\">\n\t\t\t<div class=\"elementor-widget-wrap elementor-element-populated\">\n\t\t\t\t\t\t<div class=\"elementor-element elementor-element-9cc69f6 elementor-widget elementor-widget-heading\" data-id=\"9cc69f6\" data-element_type=\"widget\" data-e-type=\"widget\" data-widget_type=\"heading.default\">\n\t\t\t\t<div class=\"elementor-widget-container\">\n\t\t\t\t\t<h2 class=\"elementor-heading-title elementor-size-default\">Fahrtgebiete im Simulator<\/h2>\t\t\t\t<\/div>\n\t\t\t\t<\/div>\n\t\t\t\t\t<\/div>\n\t\t<\/div>\n\t\t\t\t\t<\/div>\n\t\t<\/section>\n\t\t\t\t<section class=\"elementor-section elementor-top-section elementor-element elementor-element-c8cd74f elementor-section-boxed elementor-section-height-default elementor-section-height-default\" data-id=\"c8cd74f\" data-element_type=\"section\" data-e-type=\"section\">\n\t\t\t\t\t\t<div class=\"elementor-container elementor-column-gap-default\">\n\t\t\t\t\t<div class=\"elementor-column elementor-col-100 elementor-top-column elementor-element elementor-element-363c135\" data-id=\"363c135\" data-element_type=\"column\" data-e-type=\"column\">\n\t\t\t<div class=\"elementor-widget-wrap elementor-element-populated\">\n\t\t\t\t\t\t<div class=\"elementor-element elementor-element-f0a6681 elementor-widget elementor-widget-text-editor\" data-id=\"f0a6681\" data-element_type=\"widget\" data-e-type=\"widget\" data-widget_type=\"text-editor.default\">\n\t\t\t\t<div class=\"elementor-widget-container\">\n\t\t\t\t\t\t\t\t\t<p>Der Flachwasserfahrsimulator SANDRA II verf\u00fcgt derzeit \u00fcber 10 Fahrtgebiete. Weitere Fahrtgebiete werden stetig hinzugef\u00fcgt, um die Einsatzvielfalt des Simulators zu erh\u00f6hen.<\/p>\n<p>Es handelt sich hierbei um Streckenabschnitte des Rheins und des Dortmund-Ems Kanals. Dar\u00fcber hinaus sind die Seeh\u00e4fen Rotterdam und Hamburg bereits im Umfang enthalten. <\/p>\n<p>Die Fahrtgebiete verf\u00fcgen \u00fcber unterschiedliche Detailstufen. Die mittlere Detailstufe enth\u00e4lt die wesentlichen auf den Inland-ENC Karten enthaltenen Informationen des Streckenabschnitts und markante Objekte, wie z. B. nahe gelegene Siedlungsgebiete und Wasserbauwerke. <\/p>\n<p>Bei der hohen Detailstufen sind dar\u00fcber hinaus die Charakteristik von Br\u00fccken, Schleusen, der Uferbebauung liebevoll nachempfunden.<\/p>\n<p>Alle Fahrtgebiete k\u00f6nnen bei beliebigen Wetterbedingungen und bei Tag sowie Nacht eingesetzt werden. Reale Lichtquellen sind nachempfunden und weisen Ihnen den Weg.<\/p>\t\t\t\t\t\t\t\t<\/div>\n\t\t\t\t<\/div>\n\t\t\t\t\t<\/div>\n\t\t<\/div>\n\t\t\t\t\t<\/div>\n\t\t<\/section>\n\t\t\t\t<section class=\"elementor-section elementor-top-section elementor-element elementor-element-92099cb elementor-section-boxed elementor-section-height-default elementor-section-height-default\" data-id=\"92099cb\" data-element_type=\"section\" data-e-type=\"section\">\n\t\t\t\t\t\t<div class=\"elementor-container elementor-column-gap-default\">\n\t\t\t\t\t<div class=\"elementor-column elementor-col-100 elementor-top-column elementor-element elementor-element-60dc5e4\" data-id=\"60dc5e4\" data-element_type=\"column\" data-e-type=\"column\">\n\t\t\t<div class=\"elementor-widget-wrap elementor-element-populated\">\n\t\t\t\t\t\t<div class=\"elementor-element elementor-element-840d3ae elementor-grid-3 elementor-grid-tablet-2 elementor-grid-mobile-1 elementor-posts--thumbnail-top elementor-widget elementor-widget-posts\" data-id=\"840d3ae\" data-element_type=\"widget\" data-e-type=\"widget\" data-settings=\"{&quot;classic_columns&quot;:&quot;3&quot;,&quot;classic_columns_tablet&quot;:&quot;2&quot;,&quot;classic_columns_mobile&quot;:&quot;1&quot;,&quot;classic_row_gap&quot;:{&quot;unit&quot;:&quot;px&quot;,&quot;size&quot;:35,&quot;sizes&quot;:[]},&quot;classic_row_gap_tablet&quot;:{&quot;unit&quot;:&quot;px&quot;,&quot;size&quot;:&quot;&quot;,&quot;sizes&quot;:[]},&quot;classic_row_gap_mobile&quot;:{&quot;unit&quot;:&quot;px&quot;,&quot;size&quot;:&quot;&quot;,&quot;sizes&quot;:[]}}\" data-widget_type=\"posts.classic\">\n\t\t\t\t<div class=\"elementor-widget-container\">\n\t\t\t\t\t\t\t<div class=\"elementor-posts-container elementor-posts elementor-posts--skin-classic elementor-grid\" role=\"list\">\n\t\t\t\t<article class=\"elementor-post elementor-grid-item post-453 post type-post status-publish format-standard has-post-thumbnail hentry category-fahrtgebiet\" role=\"listitem\">\n\t\t\t\t<a class=\"elementor-post__thumbnail__link\" href=\"https:\/\/sandra.dst-org.de\/index.php\/millingen-rossum\/\" tabindex=\"-1\" >\n\t\t\t<div class=\"elementor-post__thumbnail\"><img fetchpriority=\"high\" decoding=\"async\" width=\"300\" height=\"300\" src=\"https:\/\/sandra.dst-org.de\/wp-content\/uploads\/2021\/05\/Waal-Millingen-km-864-930-300x300.jpg\" class=\"attachment-medium size-medium wp-image-454\" alt=\"\" srcset=\"https:\/\/sandra.dst-org.de\/wp-content\/uploads\/2021\/05\/Waal-Millingen-km-864-930-300x300.jpg 300w, https:\/\/sandra.dst-org.de\/wp-content\/uploads\/2021\/05\/Waal-Millingen-km-864-930-1024x1024.jpg 1024w, https:\/\/sandra.dst-org.de\/wp-content\/uploads\/2021\/05\/Waal-Millingen-km-864-930-150x150.jpg 150w, https:\/\/sandra.dst-org.de\/wp-content\/uploads\/2021\/05\/Waal-Millingen-km-864-930-768x768.jpg 768w, https:\/\/sandra.dst-org.de\/wp-content\/uploads\/2021\/05\/Waal-Millingen-km-864-930.jpg 1363w\" sizes=\"(max-width: 300px) 100vw, 300px\" \/><\/div>\n\t\t<\/a>\n\t\t\t\t<div class=\"elementor-post__text\">\n\t\t\t\t<h3 class=\"elementor-post__title\">\n\t\t\t<a href=\"https:\/\/sandra.dst-org.de\/index.php\/millingen-rossum\/\" >\n\t\t\t\tMillingen &#8211; Rossum\t\t\t<\/a>\n\t\t<\/h3>\n\t\t\t\t<div class=\"elementor-post__excerpt\">\n\t\t\t<p>Rhein-km 864-930 Detailstufe: mittel Tag- und Nachtfahrten m\u00f6glich Pegelstand: GlW<\/p>\n\t\t<\/div>\n\t\t\n\t\t<a class=\"elementor-post__read-more\" href=\"https:\/\/sandra.dst-org.de\/index.php\/millingen-rossum\/\" aria-label=\"Mehr \u00fcber Millingen &#8211; Rossum\" tabindex=\"-1\" >\n\t\t\tmehr Informationen ...\t\t<\/a>\n\n\t\t\t\t<\/div>\n\t\t\t\t<\/article>\n\t\t\t\t<article class=\"elementor-post elementor-grid-item post-447 post type-post status-publish format-standard has-post-thumbnail hentry category-fahrtgebiet\" role=\"listitem\">\n\t\t\t\t<a class=\"elementor-post__thumbnail__link\" href=\"https:\/\/sandra.dst-org.de\/index.php\/tiel-dordrecht\/\" tabindex=\"-1\" >\n\t\t\t<div class=\"elementor-post__thumbnail\"><img decoding=\"async\" width=\"300\" height=\"300\" src=\"https:\/\/sandra.dst-org.de\/wp-content\/uploads\/2021\/05\/Waal-Dordrecht-km916-976-300x300.jpg\" class=\"attachment-medium size-medium wp-image-448\" alt=\"\" srcset=\"https:\/\/sandra.dst-org.de\/wp-content\/uploads\/2021\/05\/Waal-Dordrecht-km916-976-300x300.jpg 300w, https:\/\/sandra.dst-org.de\/wp-content\/uploads\/2021\/05\/Waal-Dordrecht-km916-976-1024x1024.jpg 1024w, https:\/\/sandra.dst-org.de\/wp-content\/uploads\/2021\/05\/Waal-Dordrecht-km916-976-150x150.jpg 150w, https:\/\/sandra.dst-org.de\/wp-content\/uploads\/2021\/05\/Waal-Dordrecht-km916-976-768x768.jpg 768w, https:\/\/sandra.dst-org.de\/wp-content\/uploads\/2021\/05\/Waal-Dordrecht-km916-976.jpg 1381w\" sizes=\"(max-width: 300px) 100vw, 300px\" \/><\/div>\n\t\t<\/a>\n\t\t\t\t<div class=\"elementor-post__text\">\n\t\t\t\t<h3 class=\"elementor-post__title\">\n\t\t\t<a href=\"https:\/\/sandra.dst-org.de\/index.php\/tiel-dordrecht\/\" >\n\t\t\t\tTiel &#8211; Dordrecht\t\t\t<\/a>\n\t\t<\/h3>\n\t\t\t\t<div class=\"elementor-post__excerpt\">\n\t\t\t<p>Rhein-km 916-976 Detailstufe: mittel Tag- und Nachtfahrten m\u00f6glich Pegelstand: GlW<\/p>\n\t\t<\/div>\n\t\t\n\t\t<a class=\"elementor-post__read-more\" href=\"https:\/\/sandra.dst-org.de\/index.php\/tiel-dordrecht\/\" aria-label=\"Mehr \u00fcber Tiel &#8211; Dordrecht\" tabindex=\"-1\" >\n\t\t\tmehr Informationen ...\t\t<\/a>\n\n\t\t\t\t<\/div>\n\t\t\t\t<\/article>\n\t\t\t\t<article class=\"elementor-post elementor-grid-item post-441 post type-post status-publish format-standard has-post-thumbnail hentry category-fahrtgebiet\" role=\"listitem\">\n\t\t\t\t<a class=\"elementor-post__thumbnail__link\" href=\"https:\/\/sandra.dst-org.de\/index.php\/mannheim-iffezheim\/\" tabindex=\"-1\" >\n\t\t\t<div class=\"elementor-post__thumbnail\"><img decoding=\"async\" width=\"300\" height=\"300\" src=\"https:\/\/sandra.dst-org.de\/wp-content\/uploads\/2021\/05\/Mannheim-Iffezheim-km-336-410-300x300.jpg\" class=\"attachment-medium size-medium wp-image-442\" alt=\"\" srcset=\"https:\/\/sandra.dst-org.de\/wp-content\/uploads\/2021\/05\/Mannheim-Iffezheim-km-336-410-300x300.jpg 300w, https:\/\/sandra.dst-org.de\/wp-content\/uploads\/2021\/05\/Mannheim-Iffezheim-km-336-410-150x150.jpg 150w, https:\/\/sandra.dst-org.de\/wp-content\/uploads\/2021\/05\/Mannheim-Iffezheim-km-336-410-768x768.jpg 768w, https:\/\/sandra.dst-org.de\/wp-content\/uploads\/2021\/05\/Mannheim-Iffezheim-km-336-410.jpg 862w\" sizes=\"(max-width: 300px) 100vw, 300px\" \/><\/div>\n\t\t<\/a>\n\t\t\t\t<div class=\"elementor-post__text\">\n\t\t\t\t<h3 class=\"elementor-post__title\">\n\t\t\t<a href=\"https:\/\/sandra.dst-org.de\/index.php\/mannheim-iffezheim\/\" >\n\t\t\t\tMannheim &#8211; Iffezheim\t\t\t<\/a>\n\t\t<\/h3>\n\t\t\t\t<div class=\"elementor-post__excerpt\">\n\t\t\t<p>Rhein-km 336-410 Detailstufe: mittel Tag- und Nachtfahrten m\u00f6glich Pegelstand: GlW<\/p>\n\t\t<\/div>\n\t\t\n\t\t<a class=\"elementor-post__read-more\" href=\"https:\/\/sandra.dst-org.de\/index.php\/mannheim-iffezheim\/\" aria-label=\"Mehr \u00fcber Mannheim &#8211; Iffezheim\" tabindex=\"-1\" >\n\t\t\tmehr Informationen ...\t\t<\/a>\n\n\t\t\t\t<\/div>\n\t\t\t\t<\/article>\n\t\t\t\t<article class=\"elementor-post elementor-grid-item post-435 post type-post status-publish format-standard has-post-thumbnail hentry category-fahrtgebiet\" role=\"listitem\">\n\t\t\t\t<a class=\"elementor-post__thumbnail__link\" href=\"https:\/\/sandra.dst-org.de\/index.php\/hamburger-hafen-mit-elbrevier\/\" tabindex=\"-1\" >\n\t\t\t<div class=\"elementor-post__thumbnail\"><img loading=\"lazy\" decoding=\"async\" width=\"300\" height=\"300\" src=\"https:\/\/sandra.dst-org.de\/wp-content\/uploads\/2021\/05\/Hamburg-ab-km-605-300x300.jpg\" class=\"attachment-medium size-medium wp-image-436\" alt=\"\" srcset=\"https:\/\/sandra.dst-org.de\/wp-content\/uploads\/2021\/05\/Hamburg-ab-km-605-300x300.jpg 300w, https:\/\/sandra.dst-org.de\/wp-content\/uploads\/2021\/05\/Hamburg-ab-km-605-1024x1024.jpg 1024w, https:\/\/sandra.dst-org.de\/wp-content\/uploads\/2021\/05\/Hamburg-ab-km-605-150x150.jpg 150w, https:\/\/sandra.dst-org.de\/wp-content\/uploads\/2021\/05\/Hamburg-ab-km-605-768x768.jpg 768w, https:\/\/sandra.dst-org.de\/wp-content\/uploads\/2021\/05\/Hamburg-ab-km-605.jpg 1363w\" sizes=\"(max-width: 300px) 100vw, 300px\" \/><\/div>\n\t\t<\/a>\n\t\t\t\t<div class=\"elementor-post__text\">\n\t\t\t\t<h3 class=\"elementor-post__title\">\n\t\t\t<a href=\"https:\/\/sandra.dst-org.de\/index.php\/hamburger-hafen-mit-elbrevier\/\" >\n\t\t\t\tHamburger Hafen mit Elbrevier\t\t\t<\/a>\n\t\t<\/h3>\n\t\t\t\t<div class=\"elementor-post__excerpt\">\n\t\t\t<p>Elbe-km ab 605 Detailstufe: mittel, hoch im Bereich des Hamburger Hafens Tag- und Nachtfahrten m\u00f6glich Pegelstand: Tide einstellbar<\/p>\n\t\t<\/div>\n\t\t\n\t\t<a class=\"elementor-post__read-more\" href=\"https:\/\/sandra.dst-org.de\/index.php\/hamburger-hafen-mit-elbrevier\/\" aria-label=\"Mehr \u00fcber Hamburger Hafen mit Elbrevier\" tabindex=\"-1\" >\n\t\t\tmehr Informationen ...\t\t<\/a>\n\n\t\t\t\t<\/div>\n\t\t\t\t<\/article>\n\t\t\t\t<article class=\"elementor-post elementor-grid-item post-426 post type-post status-publish format-standard has-post-thumbnail hentry category-fahrtgebiet\" role=\"listitem\">\n\t\t\t\t<a class=\"elementor-post__thumbnail__link\" href=\"https:\/\/sandra.dst-org.de\/index.php\/dortmund-ems-kanal-abschnitt-1-2\/\" tabindex=\"-1\" >\n\t\t\t<div class=\"elementor-post__thumbnail\"><img loading=\"lazy\" decoding=\"async\" width=\"300\" height=\"300\" src=\"https:\/\/sandra.dst-org.de\/wp-content\/uploads\/2021\/05\/Dortmund-Ems-canal-1-km110-200-1-300x300.jpg\" class=\"attachment-medium size-medium wp-image-427\" alt=\"\" srcset=\"https:\/\/sandra.dst-org.de\/wp-content\/uploads\/2021\/05\/Dortmund-Ems-canal-1-km110-200-1-300x300.jpg 300w, https:\/\/sandra.dst-org.de\/wp-content\/uploads\/2021\/05\/Dortmund-Ems-canal-1-km110-200-1-1024x1024.jpg 1024w, https:\/\/sandra.dst-org.de\/wp-content\/uploads\/2021\/05\/Dortmund-Ems-canal-1-km110-200-1-150x150.jpg 150w, https:\/\/sandra.dst-org.de\/wp-content\/uploads\/2021\/05\/Dortmund-Ems-canal-1-km110-200-1-768x768.jpg 768w, https:\/\/sandra.dst-org.de\/wp-content\/uploads\/2021\/05\/Dortmund-Ems-canal-1-km110-200-1.jpg 1134w\" sizes=\"(max-width: 300px) 100vw, 300px\" \/><\/div>\n\t\t<\/a>\n\t\t\t\t<div class=\"elementor-post__text\">\n\t\t\t\t<h3 class=\"elementor-post__title\">\n\t\t\t<a href=\"https:\/\/sandra.dst-org.de\/index.php\/dortmund-ems-kanal-abschnitt-1-2\/\" >\n\t\t\t\tDortmund-Ems-Kanal &#8211; Abschnitt 1\t\t\t<\/a>\n\t\t<\/h3>\n\t\t\t\t<div class=\"elementor-post__excerpt\">\n\t\t\t<p>DEK-km 110-200 Detailstufe: mittel Tag- und Nachtfahrten m\u00f6glich<\/p>\n\t\t<\/div>\n\t\t\n\t\t<a class=\"elementor-post__read-more\" href=\"https:\/\/sandra.dst-org.de\/index.php\/dortmund-ems-kanal-abschnitt-1-2\/\" aria-label=\"Mehr \u00fcber Dortmund-Ems-Kanal &#8211; Abschnitt 1\" tabindex=\"-1\" >\n\t\t\tmehr Informationen ...\t\t<\/a>\n\n\t\t\t\t<\/div>\n\t\t\t\t<\/article>\n\t\t\t\t<article class=\"elementor-post elementor-grid-item post-420 post type-post status-publish format-standard has-post-thumbnail hentry category-fahrtgebiet\" role=\"listitem\">\n\t\t\t\t<a class=\"elementor-post__thumbnail__link\" href=\"https:\/\/sandra.dst-org.de\/index.php\/dortmund-ems-kanal-abschnitt-1\/\" tabindex=\"-1\" >\n\t\t\t<div class=\"elementor-post__thumbnail\"><img loading=\"lazy\" decoding=\"async\" width=\"300\" height=\"300\" src=\"https:\/\/sandra.dst-org.de\/wp-content\/uploads\/2021\/05\/Dortmund-Ems-canal-1-km110-200-300x300.jpg\" class=\"attachment-medium size-medium wp-image-421\" alt=\"\" srcset=\"https:\/\/sandra.dst-org.de\/wp-content\/uploads\/2021\/05\/Dortmund-Ems-canal-1-km110-200-300x300.jpg 300w, https:\/\/sandra.dst-org.de\/wp-content\/uploads\/2021\/05\/Dortmund-Ems-canal-1-km110-200-1024x1024.jpg 1024w, https:\/\/sandra.dst-org.de\/wp-content\/uploads\/2021\/05\/Dortmund-Ems-canal-1-km110-200-150x150.jpg 150w, https:\/\/sandra.dst-org.de\/wp-content\/uploads\/2021\/05\/Dortmund-Ems-canal-1-km110-200-768x768.jpg 768w, https:\/\/sandra.dst-org.de\/wp-content\/uploads\/2021\/05\/Dortmund-Ems-canal-1-km110-200.jpg 1134w\" sizes=\"(max-width: 300px) 100vw, 300px\" \/><\/div>\n\t\t<\/a>\n\t\t\t\t<div class=\"elementor-post__text\">\n\t\t\t\t<h3 class=\"elementor-post__title\">\n\t\t\t<a href=\"https:\/\/sandra.dst-org.de\/index.php\/dortmund-ems-kanal-abschnitt-1\/\" >\n\t\t\t\tDortmund-Ems-Kanal &#8211; Abschnitt 2\t\t\t<\/a>\n\t\t<\/h3>\n\t\t\t\t<div class=\"elementor-post__excerpt\">\n\t\t\t<p>DEK-km 0-120 Detailstufe: mittel Tag- und Nachtfahrten m\u00f6glich<\/p>\n\t\t<\/div>\n\t\t\n\t\t<a class=\"elementor-post__read-more\" href=\"https:\/\/sandra.dst-org.de\/index.php\/dortmund-ems-kanal-abschnitt-1\/\" aria-label=\"Mehr \u00fcber Dortmund-Ems-Kanal &#8211; Abschnitt 2\" tabindex=\"-1\" >\n\t\t\tmehr Informationen ...\t\t<\/a>\n\n\t\t\t\t<\/div>\n\t\t\t\t<\/article>\n\t\t\t\t<article class=\"elementor-post elementor-grid-item post-414 post type-post status-publish format-standard has-post-thumbnail hentry category-fahrtgebiet\" role=\"listitem\">\n\t\t\t\t<a class=\"elementor-post__thumbnail__link\" href=\"https:\/\/sandra.dst-org.de\/index.php\/dordrecht-hoek-van-holland\/\" tabindex=\"-1\" >\n\t\t\t<div class=\"elementor-post__thumbnail\"><img loading=\"lazy\" decoding=\"async\" width=\"300\" height=\"300\" src=\"https:\/\/sandra.dst-org.de\/wp-content\/uploads\/2021\/05\/Dordrecht-to-Hoek-km973-1035-300x300.jpg\" class=\"attachment-medium size-medium wp-image-415\" alt=\"\" srcset=\"https:\/\/sandra.dst-org.de\/wp-content\/uploads\/2021\/05\/Dordrecht-to-Hoek-km973-1035-300x300.jpg 300w, https:\/\/sandra.dst-org.de\/wp-content\/uploads\/2021\/05\/Dordrecht-to-Hoek-km973-1035-1024x1024.jpg 1024w, https:\/\/sandra.dst-org.de\/wp-content\/uploads\/2021\/05\/Dordrecht-to-Hoek-km973-1035-150x150.jpg 150w, https:\/\/sandra.dst-org.de\/wp-content\/uploads\/2021\/05\/Dordrecht-to-Hoek-km973-1035-768x768.jpg 768w, https:\/\/sandra.dst-org.de\/wp-content\/uploads\/2021\/05\/Dordrecht-to-Hoek-km973-1035.jpg 1192w\" sizes=\"(max-width: 300px) 100vw, 300px\" \/><\/div>\n\t\t<\/a>\n\t\t\t\t<div class=\"elementor-post__text\">\n\t\t\t\t<h3 class=\"elementor-post__title\">\n\t\t\t<a href=\"https:\/\/sandra.dst-org.de\/index.php\/dordrecht-hoek-van-holland\/\" >\n\t\t\t\tDordrecht &#8211; Hoek van Holland\t\t\t<\/a>\n\t\t<\/h3>\n\t\t\t\t<div class=\"elementor-post__excerpt\">\n\t\t\t<p>Rhein-km 973-1035 Detailstufe: mittel, hoch im Bereich des Rotterdamer Hafens Tag- und Nachtfahrten m\u00f6glich Pegelstand: GlW, Tide einstellbar<\/p>\n\t\t<\/div>\n\t\t\n\t\t<a class=\"elementor-post__read-more\" href=\"https:\/\/sandra.dst-org.de\/index.php\/dordrecht-hoek-van-holland\/\" aria-label=\"Mehr \u00fcber Dordrecht &#8211; Hoek van Holland\" tabindex=\"-1\" >\n\t\t\tmehr Informationen ...\t\t<\/a>\n\n\t\t\t\t<\/div>\n\t\t\t\t<\/article>\n\t\t\t\t<article class=\"elementor-post elementor-grid-item post-284 post type-post status-publish format-standard has-post-thumbnail hentry category-fahrtgebiet\" role=\"listitem\">\n\t\t\t\t<a class=\"elementor-post__thumbnail__link\" href=\"https:\/\/sandra.dst-org.de\/index.php\/bingen-koblenz\/\" tabindex=\"-1\" >\n\t\t\t<div class=\"elementor-post__thumbnail\"><img loading=\"lazy\" decoding=\"async\" width=\"300\" height=\"300\" src=\"https:\/\/sandra.dst-org.de\/wp-content\/uploads\/2021\/04\/Bingen-Koblenz-300x300.jpg\" class=\"attachment-medium size-medium wp-image-283\" alt=\"\" srcset=\"https:\/\/sandra.dst-org.de\/wp-content\/uploads\/2021\/04\/Bingen-Koblenz-300x300.jpg 300w, https:\/\/sandra.dst-org.de\/wp-content\/uploads\/2021\/04\/Bingen-Koblenz-150x150.jpg 150w, https:\/\/sandra.dst-org.de\/wp-content\/uploads\/2021\/04\/Bingen-Koblenz.jpg 600w\" sizes=\"(max-width: 300px) 100vw, 300px\" \/><\/div>\n\t\t<\/a>\n\t\t\t\t<div class=\"elementor-post__text\">\n\t\t\t\t<h3 class=\"elementor-post__title\">\n\t\t\t<a href=\"https:\/\/sandra.dst-org.de\/index.php\/bingen-koblenz\/\" >\n\t\t\t\tBingen \u2013 Koblenz\t\t\t<\/a>\n\t\t<\/h3>\n\t\t\t\t<div class=\"elementor-post__excerpt\">\n\t\t\t<p>Rhein-km 520-595 Detailstufe: mittel Tag- und Nachtfahrten m\u00f6glich Pegelstand: GlW<\/p>\n\t\t<\/div>\n\t\t\n\t\t<a class=\"elementor-post__read-more\" href=\"https:\/\/sandra.dst-org.de\/index.php\/bingen-koblenz\/\" aria-label=\"Mehr \u00fcber Bingen \u2013 Koblenz\" tabindex=\"-1\" >\n\t\t\tmehr Informationen ...\t\t<\/a>\n\n\t\t\t\t<\/div>\n\t\t\t\t<\/article>\n\t\t\t\t<article class=\"elementor-post elementor-grid-item post-90 post type-post status-publish format-standard has-post-thumbnail hentry category-fahrtgebiet\" role=\"listitem\">\n\t\t\t\t<a class=\"elementor-post__thumbnail__link\" href=\"https:\/\/sandra.dst-org.de\/index.php\/reede-duisburg\/\" tabindex=\"-1\" >\n\t\t\t<div class=\"elementor-post__thumbnail\"><img loading=\"lazy\" decoding=\"async\" width=\"300\" height=\"300\" src=\"https:\/\/sandra.dst-org.de\/wp-content\/uploads\/2021\/04\/A_Duisburg-300x300.jpg\" class=\"attachment-medium size-medium wp-image-240\" alt=\"\" srcset=\"https:\/\/sandra.dst-org.de\/wp-content\/uploads\/2021\/04\/A_Duisburg-300x300.jpg 300w, https:\/\/sandra.dst-org.de\/wp-content\/uploads\/2021\/04\/A_Duisburg-150x150.jpg 150w, https:\/\/sandra.dst-org.de\/wp-content\/uploads\/2021\/04\/A_Duisburg.jpg 600w\" sizes=\"(max-width: 300px) 100vw, 300px\" \/><\/div>\n\t\t<\/a>\n\t\t\t\t<div class=\"elementor-post__text\">\n\t\t\t\t<h3 class=\"elementor-post__title\">\n\t\t\t<a href=\"https:\/\/sandra.dst-org.de\/index.php\/reede-duisburg\/\" >\n\t\t\t\tReede Duisburg\t\t\t<\/a>\n\t\t<\/h3>\n\t\t\t\t<div class=\"elementor-post__excerpt\">\n\t\t\t<p>Der Streckenabschnitt erstreckt sich von Rhein-km 757-806 und enth\u00e4lt das Hafengebiet Duisburg. Die Ruhrm\u00fcndung bis Raffelbergschleuse sowie Rhein-Herne-Kanal bis Schleuse Oberhausen sind ebenfalls modelliert. hohe<\/p>\n\t\t<\/div>\n\t\t\n\t\t<a class=\"elementor-post__read-more\" href=\"https:\/\/sandra.dst-org.de\/index.php\/reede-duisburg\/\" aria-label=\"Mehr \u00fcber Reede Duisburg\" tabindex=\"-1\" >\n\t\t\tmehr Informationen ...\t\t<\/a>\n\n\t\t\t\t<\/div>\n\t\t\t\t<\/article>\n\t\t\t\t<\/div>\n\t\t\n\t\t\t\t\t\t<\/div>\n\t\t\t\t<\/div>\n\t\t\t\t\t<\/div>\n\t\t<\/div>\n\t\t\t\t\t<\/div>\n\t\t<\/section>\n\t\t\t\t<section class=\"elementor-section elementor-top-section elementor-element elementor-element-d06a95d elementor-section-boxed elementor-section-height-default elementor-section-height-default\" data-id=\"d06a95d\" data-element_type=\"section\" data-e-type=\"section\">\n\t\t\t\t\t\t<div class=\"elementor-container elementor-column-gap-default\">\n\t\t\t\t\t<div class=\"elementor-column elementor-col-100 elementor-top-column elementor-element elementor-element-7ac5d9c\" data-id=\"7ac5d9c\" data-element_type=\"column\" data-e-type=\"column\">\n\t\t\t<div class=\"elementor-widget-wrap elementor-element-populated\">\n\t\t\t\t\t\t<div class=\"elementor-element elementor-element-c1b38cd elementor-widget elementor-widget-spacer\" data-id=\"c1b38cd\" data-element_type=\"widget\" data-e-type=\"widget\" data-widget_type=\"spacer.default\">\n\t\t\t\t<div class=\"elementor-widget-container\">\n\t\t\t\t\t\t\t<div class=\"elementor-spacer\">\n\t\t\t<div class=\"elementor-spacer-inner\"><\/div>\n\t\t<\/div>\n\t\t\t\t\t\t<\/div>\n\t\t\t\t<\/div>\n\t\t\t\t\t<\/div>\n\t\t<\/div>\n\t\t\t\t\t<\/div>\n\t\t<\/section>\n\t\t\t\t<section class=\"elementor-section elementor-top-section elementor-element elementor-element-329e5c7 elementor-section-boxed elementor-section-height-default elementor-section-height-default\" data-id=\"329e5c7\" data-element_type=\"section\" data-e-type=\"section\">\n\t\t\t\t\t\t<div class=\"elementor-container elementor-column-gap-default\">\n\t\t\t\t\t<div class=\"elementor-column elementor-col-50 elementor-top-column elementor-element elementor-element-ab2c0fa\" data-id=\"ab2c0fa\" data-element_type=\"column\" data-e-type=\"column\">\n\t\t\t<div class=\"elementor-widget-wrap elementor-element-populated\">\n\t\t\t\t\t\t<div class=\"elementor-element elementor-element-6583cbf elementor-widget elementor-widget-text-editor\" data-id=\"6583cbf\" data-element_type=\"widget\" data-e-type=\"widget\" data-widget_type=\"text-editor.default\">\n\t\t\t\t<div class=\"elementor-widget-container\">\n\t\t\t\t\t\t\t\t\t<p>Vermissen Sie ein Fahrtgebiet? Dann schreiben Sie uns!<\/p>\t\t\t\t\t\t\t\t<\/div>\n\t\t\t\t<\/div>\n\t\t\t\t\t<\/div>\n\t\t<\/div>\n\t\t\t\t<div class=\"elementor-column elementor-col-50 elementor-top-column elementor-element elementor-element-99785b9\" data-id=\"99785b9\" data-element_type=\"column\" data-e-type=\"column\">\n\t\t\t<div class=\"elementor-widget-wrap elementor-element-populated\">\n\t\t\t\t\t\t<div class=\"elementor-element elementor-element-8418de5 elementor-view-default elementor-widget elementor-widget-icon\" data-id=\"8418de5\" data-element_type=\"widget\" data-e-type=\"widget\" data-widget_type=\"icon.default\">\n\t\t\t\t<div class=\"elementor-widget-container\">\n\t\t\t\t\t\t\t<div class=\"elementor-icon-wrapper\">\n\t\t\t<a class=\"elementor-icon\" href=\"mailto:sandra-admin@dst-org.de\">\n\t\t\t<i aria-hidden=\"true\" class=\"fas fa-envelope\"><\/i>\t\t\t<\/a>\n\t\t<\/div>\n\t\t\t\t\t\t<\/div>\n\t\t\t\t<\/div>\n\t\t\t\t\t<\/div>\n\t\t<\/div>\n\t\t\t\t\t<\/div>\n\t\t<\/section>\n\t\t\t\t<\/div>\n\t\t","protected":false},"excerpt":{"rendered":"<p>Fahrtgebiete im Simulator Der Flachwasserfahrsimulator SANDRA II verf\u00fcgt derzeit \u00fcber 10 Fahrtgebiete. Weitere Fahrtgebiete werden stetig hinzugef\u00fcgt, um die Einsatzvielfalt des Simulators zu erh\u00f6hen. Es handelt sich hierbei um Streckenabschnitte des Rheins und des Dortmund-Ems Kanals. Dar\u00fcber hinaus sind die Seeh\u00e4fen Rotterdam und Hamburg bereits im Umfang enthalten. Die Fahrtgebiete verf\u00fcgen \u00fcber unterschiedliche Detailstufen. Die [&hellip;]<\/p>\n","protected":false},"author":4,"featured_media":0,"parent":0,"menu_order":0,"comment_status":"closed","ping_status":"closed","template":"elementor_header_footer","meta":{"footnotes":""},"class_list":["post-61","page","type-page","status-publish","hentry"],"_links":{"self":[{"href":"https:\/\/sandra.dst-org.de\/index.php\/wp-json\/wp\/v2\/pages\/61","targetHints":{"allow":["GET"]}}],"collection":[{"href":"https:\/\/sandra.dst-org.de\/index.php\/wp-json\/wp\/v2\/pages"}],"about":[{"href":"https:\/\/sandra.dst-org.de\/index.php\/wp-json\/wp\/v2\/types\/page"}],"author":[{"embeddable":true,"href":"https:\/\/sandra.dst-org.de\/index.php\/wp-json\/wp\/v2\/users\/4"}],"replies":[{"embeddable":true,"href":"https:\/\/sandra.dst-org.de\/index.php\/wp-json\/wp\/v2\/comments?post=61"}],"version-history":[{"count":63,"href":"https:\/\/sandra.dst-org.de\/index.php\/wp-json\/wp\/v2\/pages\/61\/revisions"}],"predecessor-version":[{"id":1325,"href":"https:\/\/sandra.dst-org.de\/index.php\/wp-json\/wp\/v2\/pages\/61\/revisions\/1325"}],"wp:attachment":[{"href":"https:\/\/sandra.dst-org.de\/index.php\/wp-json\/wp\/v2\/media?parent=61"}],"curies":[{"name":"wp","href":"https:\/\/api.w.org\/{rel}","templated":true}]}}